{"id":12770,"date":"2023-10-17T15:24:58","date_gmt":"2023-10-17T15:24:58","guid":{"rendered":"https:\/\/dinteriors.cat\/productes\/"},"modified":"2023-12-28T09:23:32","modified_gmt":"2023-12-28T09:23:32","slug":"productos","status":"publish","type":"page","link":"https:\/\/dinteriors.cat\/es\/productos\/","title":{"rendered":"Productos"},"content":{"rendered":"\t\t<div data-elementor-type=\"wp-page\" data-elementor-id=\"12770\" class=\"elementor elementor-12770 elementor-12459\">\n\t\t\t\t<div class=\"elementor-element elementor-element-f60f224 e-flex e-con-boxed e-con e-parent\" data-id=\"f60f224\" data-element_type=\"container\" data-e-type=\"container\">\n\t\t\t\t\t<div class=\"e-con-inner\">\n\t\t\t\t<div class=\"elementor-element elementor-element-f0f51d7 elementor-widget elementor-widget-heading\" data-id=\"f0f51d7\" data-element_type=\"widget\" data-e-type=\"widget\" data-widget_type=\"heading.default\">\n\t\t\t\t<div class=\"elementor-widget-container\">\n\t\t\t\t\t<h1 class=\"elementor-heading-title elementor-size-default\">Mobiliario, sof\u00e1s y art\u00edculos de descanso<\/h1>\t\t\t\t<\/div>\n\t\t\t\t<\/div>\n\t\t\t\t\t<\/div>\n\t\t\t\t<\/div>\n\t\t<div class=\"elementor-element elementor-element-25a401f e-flex e-con-boxed e-con e-parent\" data-id=\"25a401f\" data-element_type=\"container\" data-e-type=\"container\" data-settings=\"{&quot;background_background&quot;:&quot;classic&quot;}\">\n\t\t\t\t\t<div class=\"e-con-inner\">\n\t\t<div class=\"elementor-element elementor-element-81fed59 e-flex e-con-boxed e-con e-child\" data-id=\"81fed59\" data-element_type=\"container\" data-e-type=\"container\">\n\t\t\t\t\t<div class=\"e-con-inner\">\n\t\t<div class=\"elementor-element elementor-element-3cd16b3 e-con-full e-flex e-con e-child\" data-id=\"3cd16b3\" data-element_type=\"container\" data-e-type=\"container\">\n\t\t\t\t<div class=\"elementor-element elementor-element-9c2bd0d elementor-widget elementor-widget-witr_section_s_image\" data-id=\"9c2bd0d\" data-element_type=\"widget\" data-e-type=\"widget\" data-widget_type=\"witr_section_s_image.default\">\n\t\t\t\t<div class=\"elementor-widget-container\">\n\t\t\t\t\t\t\n\t\t<div class=\"single_image_area\">\n\t\t\t<div class=\"single_image single_line_option  \">\n\t\t\t\t<!-- image -->\n\t\t\t\t\t\t\t\t\t<img decoding=\"async\" src=\"https:\/\/dinteriors.cat\/wp-content\/uploads\/2023\/10\/kalahari.jpg\" alt=\"\" \/>\n\t\t\t\t\t\t\n\t\t\t\t\t\t\t\t\t<div class=\"witr_tx_ovei_title\">\n\t\t\t\t\t\t<!-- title -->\n\t\t\t\t\t\t\t\t\t\t\t\t \n\t\t\t\t\t\t\t<h2><a href=\"https:\/\/dinteriors.cat\/es\/productos\/dsofas\/\">D'Sof\u00e1s<\/a><\/h2>\n\t\t\t\t\t\t\t\t\t\t\t\t\t\t\t\t\t\t\n\t\t\t\t\t\t<!-- title content -->\n\t\t\t\t\t\t\t\t\t\t\t\t\t<p>Firmas exclusivas y de prestigio con sof\u00e1s, butacas, y sof\u00e1s cama.\n<\/p>\t\t\n\t\t\t\t\t\t\t\t\t\t\t\t\t\t\t\t\t\n\t\t\t\t\t<\/div>\n\t\t\t\t\t\t\t\t\t\t\t<\/div>\n\t\t<\/div>\n\t\t\t\n\t\t\t\n\t\t\n\t\t\t\n\t\t\t\t\t\t<\/div>\n\t\t\t\t<\/div>\n\t\t\t\t<\/div>\n\t\t<div class=\"elementor-element elementor-element-f1ee1ca e-con-full e-flex e-con e-child\" data-id=\"f1ee1ca\" data-element_type=\"container\" data-e-type=\"container\">\n\t\t\t\t<div class=\"elementor-element elementor-element-34a764b elementor-widget elementor-widget-witr_section_s_image\" data-id=\"34a764b\" data-element_type=\"widget\" data-e-type=\"widget\" data-widget_type=\"witr_section_s_image.default\">\n\t\t\t\t<div class=\"elementor-widget-container\">\n\t\t\t\t\t\t\n\t\t<div class=\"single_image_area\">\n\t\t\t<div class=\"single_image single_line_option  \">\n\t\t\t\t<!-- image -->\n\t\t\t\t\t\t\t\t\t<img decoding=\"async\" src=\"https:\/\/dinteriors.cat\/wp-content\/uploads\/2023\/10\/salons.jpg\" alt=\"\" \/>\n\t\t\t\t\t\t\n\t\t\t\t\t\t\t\t\t<div class=\"witr_tx_ovei_title\">\n\t\t\t\t\t\t<!-- title -->\n\t\t\t\t\t\t\t\t\t\t\t\t \n\t\t\t\t\t\t\t<h2><a href=\"https:\/\/dinteriors.cat\/es\/productos\/mobiliario\/\">Mobiliario<\/a><\/h2>\n\t\t\t\t\t\t\t\t\t\t\t\t\t\t\t\t\t\t\n\t\t\t\t\t\t<!-- title content -->\n\t\t\t\t\t\t\t\t\t\t\t\t\t<p>Mobiliario por todos los estilos, modernos y cl\u00e1sico.\n<\/p>\t\t\n\t\t\t\t\t\t\t\t\t\t\t\t\t\t\t\t\t\n\t\t\t\t\t<\/div>\n\t\t\t\t\t\t\t\t\t\t\t<\/div>\n\t\t<\/div>\n\t\t\t\n\t\t\t\n\t\t\n\t\t\t\n\t\t\t\t\t\t<\/div>\n\t\t\t\t<\/div>\n\t\t\t\t<\/div>\n\t\t\t\t\t<\/div>\n\t\t\t\t<\/div>\n\t\t\t\t\t<\/div>\n\t\t\t\t<\/div>\n\t\t\t\t<\/div>\n\t\t","protected":false},"excerpt":{"rendered":"<p>Mobiliario, sof\u00e1s y art\u00edculos de descanso D&#8217;Sof\u00e1s Firmas exclusivas y de prestigio con sof\u00e1s, butacas, y sof\u00e1s cama. Mobiliario Mobiliario por todos los estilos, modernos y cl\u00e1sico.<\/p>\n","protected":false},"author":1,"featured_media":0,"parent":0,"menu_order":0,"comment_status":"closed","ping_status":"closed","template":"template-home.php","meta":{"footnotes":""},"class_list":["post-12770","page","type-page","status-publish","hentry"],"aioseo_notices":[],"_links":{"self":[{"href":"https:\/\/dinteriors.cat\/es\/wp-json\/wp\/v2\/pages\/12770","targetHints":{"allow":["GET"]}}],"collection":[{"href":"https:\/\/dinteriors.cat\/es\/wp-json\/wp\/v2\/pages"}],"about":[{"href":"https:\/\/dinteriors.cat\/es\/wp-json\/wp\/v2\/types\/page"}],"author":[{"embeddable":true,"href":"https:\/\/dinteriors.cat\/es\/wp-json\/wp\/v2\/users\/1"}],"replies":[{"embeddable":true,"href":"https:\/\/dinteriors.cat\/es\/wp-json\/wp\/v2\/comments?post=12770"}],"version-history":[{"count":8,"href":"https:\/\/dinteriors.cat\/es\/wp-json\/wp\/v2\/pages\/12770\/revisions"}],"predecessor-version":[{"id":12987,"href":"https:\/\/dinteriors.cat\/es\/wp-json\/wp\/v2\/pages\/12770\/revisions\/12987"}],"wp:attachment":[{"href":"https:\/\/dinteriors.cat\/es\/wp-json\/wp\/v2\/media?parent=12770"}],"curies":[{"name":"wp","href":"https:\/\/api.w.org\/{rel}","templated":true}]}}